{"id":6266,"date":"2023-12-06T14:49:41","date_gmt":"2023-12-06T14:49:41","guid":{"rendered":"https:\/\/livetoride.es\/politica-de-privacitat\/"},"modified":"2024-04-24T07:59:37","modified_gmt":"2024-04-24T07:59:37","slug":"politica-de-privacitat","status":"publish","type":"page","link":"https:\/\/livetoride.es\/ca\/politica-de-privacitat\/","title":{"rendered":"Pol\u00edtica de Privacitat"},"content":{"rendered":"\t\t<div data-elementor-type=\"wp-page\" data-elementor-id=\"6266\" class=\"elementor elementor-6266 elementor-4031\" data-elementor-post-type=\"page\">\n\t\t\t\t<div class=\"elementor-element elementor-element-8b5f55b e-flex e-con-boxed e-con e-parent\" data-id=\"8b5f55b\" data-element_type=\"container\">\n\t\t\t\t\t<div class=\"e-con-inner\">\n\t\t\t\t<div class=\"elementor-element elementor-element-4382687 elementor-widget elementor-widget-text-editor\" data-id=\"4382687\" data-element_type=\"widget\" data-widget_type=\"text-editor.default\">\n\t\t\t\t<div class=\"elementor-widget-container\">\n\t\t\t<style>\/*! elementor - v3.21.0 - 20-05-2024 *\/\n.elementor-widget-text-editor.elementor-drop-cap-view-stacked .elementor-drop-cap{background-color:#69727d;color:#fff}.elementor-widget-text-editor.elementor-drop-cap-view-framed .elementor-drop-cap{color:#69727d;border:3px solid;background-color:transparent}.elementor-widget-text-editor:not(.elementor-drop-cap-view-default) .elementor-drop-cap{margin-top:8px}.elementor-widget-text-editor:not(.elementor-drop-cap-view-default) .elementor-drop-cap-letter{width:1em;height:1em}.elementor-widget-text-editor .elementor-drop-cap{float:left;text-align:center;line-height:1;font-size:50px}.elementor-widget-text-editor .elementor-drop-cap-letter{display:inline-block}<\/style>\t\t\t\t<p>Pol Garc\u00eda d&#8217;Armengol, informa els usuaris del lloc web sobre la seva pol\u00edtica respecte al tractament i protecci\u00f3 de les dades de car\u00e0cter personal dels usuaris i clients.<\/p>\n<p>I garanteix en tot moment l&#8217;\u00edntegre i ple compliment de les obligacions disposades per la normativa de protecci\u00f3 de dades i serveis de la societat de la informaci\u00f3: Reglament (UE) 2016\/679 del Parlament Europeu i del Consell, de 27 d&#8217;abril de 2016, relatiu a la protecci\u00f3 de les persones f\u00edsiques pel que fa al tractament de dades personals i a la lliure circulaci\u00f3 d&#8217;aquestes dades (RGPD), la normativa Llei org\u00e0nica 3\/2018, de 5 de desembre, de Protecci\u00f3 de Dades Personals i garantia dels drets digitals (LOPDGDD) i la Llei 34\/2002, d&#8217;11 de juliol, de Serveis de la Societat de la Informaci\u00f3 i del Comer\u00e7 Electr\u00f2nic (LSSIce).<\/p>\n<p><strong>RESPONSABLE DEL TRACTAMENT<\/strong><br \/>Pol Garc\u00eda de Armengol<br \/>N.I.F.: 47923117H<br \/>Domicili: Roger de Flor, 168 08013 Barcelona (Barcelona)<br \/>Tel\u00e8fon: 649203814<br \/>Correu electr\u00f2nic: hola@livetoride.es<\/p>\n<p><strong>FINALITATS DEL TRACTAMENT DE LES DADES<\/strong><br \/>Les dades facilitades per l&#8217;Usuari s\u00f3n utilitzats amb diverses finalitats que s&#8217;enumeren a continuaci\u00f3:<\/p>\n<table>\n<tbody>\n<tr>\n<td><strong>Finalitat del tractament<\/strong><\/td>\n<td><strong>Base jur\u00eddica per al tractament<\/strong><\/td>\n<\/tr>\n<tr>\n<td>Gestionar les consultes plantejades a trav\u00e9s dels formularis web.<\/td>\n<td>Inter\u00e8s leg\u00edtim de la Societat per a atendre els requeriments d&#8217;informaci\u00f3 a trav\u00e9s de la web. Consentiment prestat de manera expressa en el moment de recollida de les dades a trav\u00e9s dels formularis web.<\/td>\n<\/tr>\n<tr>\n<td>Enviament de newsletters, comunicacions comercials i promocions.<\/td>\n<td>Consentiment prestat de manera expressa en el moment de recollida de les dades a trav\u00e9s dels formularis web.<\/td>\n<\/tr>\n<tr>\n<td>Gestionar les incid\u00e8ncies i el manteniment de la web.<\/td>\n<td>Inter\u00e8s leg\u00edtim de la Societat.<\/td>\n<\/tr>\n<\/tbody>\n<\/table>\n<p><strong>TERMINI DE CONSERVACI\u00d3 DE LES DADES<\/strong><\/p>\n<table>\n<tbody>\n<tr>\n<td><strong>Finalitat del tractament<\/strong><\/td>\n<td><strong>Termini de conservaci\u00f3<\/strong><\/td>\n<\/tr>\n<tr>\n<td>Gestionar les consultes plantejades a trav\u00e9s dels formularis web.<\/td>\n<td>Tractarem les teves dades durant el temps que sigui necessari per a atendre la teva sol\u00b7licitud o petici\u00f3.<\/td>\n<\/tr>\n<tr>\n<td>Enviament de newsletters, comunicacions comercials i promocions.<\/td>\n<td>Tractarem les teves dades fins que et donis de baixa.<\/td>\n<\/tr>\n<tr>\n<td>Gestionar les incid\u00e8ncies i el manteniment de la web.<\/td>\n<td>Tractarem les seves dades durant el temps necessari per a complir els terminis legals de prescripci\u00f3 que li resultin d&#8217;aplicaci\u00f3.<\/td>\n<\/tr>\n<\/tbody>\n<\/table>\n<p>Finalitat del tractament Termini de conservaci\u00f3<br \/>Gestionar els consultis plantejades a trav\u00e9s dels formularis web. Tractarem les teves dades durant el temps que sigui necessari per a atendre la teva sol\u00b7licitud o petici\u00f3.<br \/>Enviament de newsletters, comunicacions comercials i promocions. Tractarem les teves dades fins que et donis de baixa.<br \/>Gestionar les incid\u00e8ncies i el manteniment de la web. Tractarem les seves dades durant el temps necessari per a complir els terminis legals de prescripci\u00f3 que li resultin d&#8217;aplicaci\u00f3.<\/p>\n<p><strong>DESTINATARIS DE LES DADES<\/strong><br \/>Per a complir les finalitats indicades en la present Pol\u00edtica de Privacitat, \u00e9s necessari que donem acc\u00e9s a les teves dades personals a terceres parts que ens donin suport en els serveis que t&#8217;oferim (Encarregats de Tractament).<\/p>\n<p>Els encarregats de tractament per a l&#8217;execuci\u00f3 d&#8217;un contracte o prestaci\u00f3 d&#8217;un servei al Responsable, seguint per aix\u00f2 les seves instruccions en tot moment i assegurant els mateixos nivells de seguretat.<\/p>\n<p><strong>DRETS DELS USUARIS<\/strong><br \/>L&#8217;usuari t\u00e9 dret a:<br \/>\u2022 Sol\u00b7licitar l&#8217;acc\u00e9s a les seves dades personals que s&#8217;estan tractant i rebre aquesta informaci\u00f3 per escrit pel mitj\u00e0 sol\u00b7licitat.<br \/>\u2022 Sol\u00b7licitar la rectificaci\u00f3 de les dades personals inexactes o, si \u00e9s el cas, sol\u00b7licitar la seva supressi\u00f3 quan, entre altres motius, les dades ja no siguin necessaris per a la finalitat pels quals van ser recollits.<br \/>\u2022 Sol\u00b7licitar la limitaci\u00f3 del tractament de les seves dades.<br \/>\u2022 Oposar-se al tractament de les seves dades personals quan escaigui, i en aquest cas es deixaran de tractar les seves dades excepte per motius leg\u00edtims.<br \/>\u2022 Dret a la portabilitat de les seves dades personals quan el tractament estigui basat en un consentiment i s&#8217;efectu\u00ef per mitjans automatitzats. les dades es lliuressin de forma estructurada, \u00fas com\u00fa i lectura mec\u00e0nica.<br \/>\u2022 Dret a retirar el consentiment prestat.<br \/>\u2022 Dret a reclamar davant l&#8217;ag\u00e8ncia espanyola de protecci\u00f3 de dades.<\/p>\n<p>L&#8217;Usuari pot exercitar els drets anteriorment indicats a l&#8217;adre\u00e7a de correu postal o electr\u00f2nica del Responsable, acreditant la seva identitat amb una c\u00f2pia escanejada del seu DNI o document equivalent, i especificant el dret que desitja exercir.<\/p>\n<p><strong>PROCED\u00c8NCIA DE LES DADES<\/strong><br \/>Les dades personals seran facilitats pel propi interessat de forma absolutament volunt\u00e0ria. La manca de facilitar determinades dades o preguntes que poguessin formular-se en els processos de registre o en els diferents formularis electr\u00f2nics que se li presentin a l&#8217;Usuari, pot provocar la impossibilitat d&#8217;acc\u00e9s a determinats serveis per a la prestaci\u00f3 dels quals \u00e9s imprescindible disposar de les dades de car\u00e0cter personal, en tal caso El Responsable informar\u00e0 del car\u00e0cter obligatori i\/o necessari de facilitar les dades personals per al funcionament del servei.<\/p>\n<p>El Responsable li assegura la confidencialitat de les seves dades personals i li garanteix la seguretat d&#8217;aquests, adoptant les mesures necess\u00e0ries per a evitar la seva alteraci\u00f3, p\u00e8rdua, tractament o acc\u00e9s no autoritzat.<\/p>\n<p><strong>INFORMACI\u00d3 FACILITADA PER L&#8217;USUARI<\/strong><br \/>Els i les menors de 18 anys no poden cedir les seves dades personals sense el previ consentiment del seu pare\/mare i\/o tutors legals.<\/p>\n<p>Els Usuaris, introduint les seves dades en els formularis de contacte o presentats en formularis de desc\u00e0rrega, accepten expressament i de manera lliure i inequ\u00edvoca, que les seves dades s\u00f3n necess\u00e0ries per a atendre la seva petici\u00f3, per part del Responsable, sent volunt\u00e0ria la inclusi\u00f3 de dades en els camps restants.<\/p>\n<p>L&#8217;Usuari garanteix que les dades personals facilitades s\u00f3n veraces i es fa responsable de comunicar qualsevol modificaci\u00f3 d&#8217;aquests.<\/p>\n<p>Totes les dades sol\u00b7licitades a trav\u00e9s del lloc web s\u00f3n necessaris per a la prestaci\u00f3 d&#8217;un servei \u00f2ptim a l&#8217;Usuari. En cas que no siguin facilitats totes les dades, no es garanteix que la informaci\u00f3 i serveis que El Responsable li faciliti, siguin completament ajustats a les seves necessitats.<\/p>\n<p><strong>MESURES DE SEGURETAT<\/strong><br \/>Que de conformitat amb el que es disposa en les normatives vigents en mat\u00e8ria de protecci\u00f3 de dades personals, El Responsable est\u00e0 complint amb totes les disposicions de les normatives RGPD i LOPDGDD per al tractament de les dades personals de la seva responsabilitat, els quals s\u00f3n tractats de manera l\u00edcita, lleial i transparent en relaci\u00f3 amb l&#8217;interessat i adequats, pertinents i limitats al necessari en relaci\u00f3 amb els fins per als quals s\u00f3n tractats.<\/p>\n<p>El Responsable garanteix que ha implementat pol\u00edtiques t\u00e8cniques i organitzatives apropiades per a aplicar les mesures de seguretat que estableixen el RGPD i la LOPDGDD amb la finalitat de protegir els drets i llibertats dels Usuaris i els ha comunicat la informaci\u00f3 adequada perqu\u00e8 puguin exercir-los.<\/p>\n<p><strong>BRETXES DE SEGURETAT<\/strong><br \/>El Responsable informar\u00e0 sobre qualsevol bretxa de seguretat que afecti la base de dades que utilitza aquest lloc web, o que afecti a qualsevol dels nostres serveis de tercers, a totes i cadascuna de les persones, dades dels quals puguin haver estat afectades, i autoritats, dins de les 72 hores seg\u00fcents a la detecci\u00f3 de la bretxa.<\/p>\n<p><strong>LEGISLACI\u00d3 APLICABLE I JURISDICCI\u00d3<\/strong><br \/>Es reserva la facultat de presentar les accions civils o penals que consideri necess\u00e0ries per la utilitzaci\u00f3 indeguda del Lloc web i Continguts.<\/p>\n<p>La relaci\u00f3 entre l&#8217;Usuari i el Responsable es regir\u00e0 per la normativa vigent i d&#8217;aplicaci\u00f3 en el territori espanyol. De sorgir qualsevol controv\u00e8rsia en relaci\u00f3 amb la interpretaci\u00f3 i\/o a l&#8217;aplicaci\u00f3, les parts sotmetran els seus conflictes a la jurisdicci\u00f3 ordin\u00e0ria sotmetent-se als jutges i tribunals que corresponguin conforme a dret.<\/p>\n\t\t\t\t\t\t<\/div>\n\t\t\t\t<\/div>\n\t\t\t\t\t<\/div>\n\t\t\t\t<\/div>\n\t\t\t\t<\/div>\n\t\t","protected":false},"excerpt":{"rendered":"<p>Pol Garc\u00eda d&#8217;Armengol, informa els usuaris del lloc web sobre la seva pol\u00edtica respecte al tractament i protecci\u00f3 de les dades de car\u00e0cter personal dels usuaris i clients. I garanteix en tot moment l&#8217;\u00edntegre i ple compliment de les obligacions disposades per la normativa de protecci\u00f3 de dades i serveis de la societat de la [&hellip;]<\/p>\n","protected":false},"author":1,"featured_media":6160,"parent":0,"menu_order":0,"comment_status":"closed","ping_status":"closed","template":"","meta":{"footnotes":""},"class_list":["post-6266","page","type-page","status-publish","has-post-thumbnail","hentry"],"yoast_head":"<!-- This site is optimized with the Yoast SEO plugin v22.7 - https:\/\/yoast.com\/wordpress\/plugins\/seo\/ -->\n<title>Pol\u00edtica de Privacitat - Live to Ride<\/title>\n<meta name=\"robots\" content=\"index, follow, max-snippet:-1, max-image-preview:large, max-video-preview:-1\" \/>\n<link rel=\"canonical\" href=\"https:\/\/livetoride.es\/ca\/politica-de-privacitat\/\" \/>\n<meta property=\"og:locale\" content=\"ca_ES\" \/>\n<meta property=\"og:type\" content=\"article\" \/>\n<meta property=\"og:title\" content=\"Pol\u00edtica de Privacitat - Live to Ride\" \/>\n<meta property=\"og:description\" content=\"Pol Garc\u00eda d&#8217;Armengol, informa els usuaris del lloc web sobre la seva pol\u00edtica respecte al tractament i protecci\u00f3 de les dades de car\u00e0cter personal dels usuaris i clients. I garanteix en tot moment l&#8217;\u00edntegre i ple compliment de les obligacions disposades per la normativa de protecci\u00f3 de dades i serveis de la societat de la [&hellip;]\" \/>\n<meta property=\"og:url\" content=\"https:\/\/livetoride.es\/ca\/politica-de-privacitat\/\" \/>\n<meta property=\"og:site_name\" content=\"Live to Ride\" \/>\n<meta property=\"article:modified_time\" content=\"2024-04-24T07:59:37+00:00\" \/>\n<meta property=\"og:image\" content=\"https:\/\/livetoride.es\/wp-content\/uploads\/2024\/01\/live-to-ride-nosotros-pol-garcia.webp\" \/>\n\t<meta property=\"og:image:width\" content=\"1280\" \/>\n\t<meta property=\"og:image:height\" content=\"548\" \/>\n\t<meta property=\"og:image:type\" content=\"image\/webp\" \/>\n<meta name=\"twitter:card\" content=\"summary_large_image\" \/>\n<meta name=\"twitter:label1\" content=\"Temps estimat de lectura\" \/>\n\t<meta name=\"twitter:data1\" content=\"6 minuts\" \/>\n<script type=\"application\/ld+json\" class=\"yoast-schema-graph\">{\"@context\":\"https:\/\/schema.org\",\"@graph\":[{\"@type\":\"WebPage\",\"@id\":\"https:\/\/livetoride.es\/ca\/politica-de-privacitat\/\",\"url\":\"https:\/\/livetoride.es\/ca\/politica-de-privacitat\/\",\"name\":\"Pol\u00edtica de Privacitat - Live to Ride\",\"isPartOf\":{\"@id\":\"https:\/\/livetoride.es\/ca\/#website\"},\"primaryImageOfPage\":{\"@id\":\"https:\/\/livetoride.es\/ca\/politica-de-privacitat\/#primaryimage\"},\"image\":{\"@id\":\"https:\/\/livetoride.es\/ca\/politica-de-privacitat\/#primaryimage\"},\"thumbnailUrl\":\"https:\/\/livetoride.es\/wp-content\/uploads\/2024\/01\/live-to-ride-nosotros-pol-garcia.webp\",\"datePublished\":\"2023-12-06T14:49:41+00:00\",\"dateModified\":\"2024-04-24T07:59:37+00:00\",\"breadcrumb\":{\"@id\":\"https:\/\/livetoride.es\/ca\/politica-de-privacitat\/#breadcrumb\"},\"inLanguage\":\"ca\",\"potentialAction\":[{\"@type\":\"ReadAction\",\"target\":[\"https:\/\/livetoride.es\/ca\/politica-de-privacitat\/\"]}]},{\"@type\":\"ImageObject\",\"inLanguage\":\"ca\",\"@id\":\"https:\/\/livetoride.es\/ca\/politica-de-privacitat\/#primaryimage\",\"url\":\"https:\/\/livetoride.es\/wp-content\/uploads\/2024\/01\/live-to-ride-nosotros-pol-garcia.webp\",\"contentUrl\":\"https:\/\/livetoride.es\/wp-content\/uploads\/2024\/01\/live-to-ride-nosotros-pol-garcia.webp\",\"width\":1280,\"height\":548},{\"@type\":\"BreadcrumbList\",\"@id\":\"https:\/\/livetoride.es\/ca\/politica-de-privacitat\/#breadcrumb\",\"itemListElement\":[{\"@type\":\"ListItem\",\"position\":1,\"name\":\"Portada\",\"item\":\"https:\/\/livetoride.es\/ca\/\"},{\"@type\":\"ListItem\",\"position\":2,\"name\":\"Pol\u00edtica de Privacitat\"}]},{\"@type\":\"WebSite\",\"@id\":\"https:\/\/livetoride.es\/ca\/#website\",\"url\":\"https:\/\/livetoride.es\/ca\/\",\"name\":\"Live to Ride\",\"description\":\"My WordPress Blog\",\"potentialAction\":[{\"@type\":\"SearchAction\",\"target\":{\"@type\":\"EntryPoint\",\"urlTemplate\":\"https:\/\/livetoride.es\/ca\/?s={search_term_string}\"},\"query-input\":\"required name=search_term_string\"}],\"inLanguage\":\"ca\"}]}<\/script>\n<!-- \/ Yoast SEO plugin. -->","yoast_head_json":{"title":"Pol\u00edtica de Privacitat - Live to Ride","robots":{"index":"index","follow":"follow","max-snippet":"max-snippet:-1","max-image-preview":"max-image-preview:large","max-video-preview":"max-video-preview:-1"},"canonical":"https:\/\/livetoride.es\/ca\/politica-de-privacitat\/","og_locale":"ca_ES","og_type":"article","og_title":"Pol\u00edtica de Privacitat - Live to Ride","og_description":"Pol Garc\u00eda d&#8217;Armengol, informa els usuaris del lloc web sobre la seva pol\u00edtica respecte al tractament i protecci\u00f3 de les dades de car\u00e0cter personal dels usuaris i clients. I garanteix en tot moment l&#8217;\u00edntegre i ple compliment de les obligacions disposades per la normativa de protecci\u00f3 de dades i serveis de la societat de la [&hellip;]","og_url":"https:\/\/livetoride.es\/ca\/politica-de-privacitat\/","og_site_name":"Live to Ride","article_modified_time":"2024-04-24T07:59:37+00:00","og_image":[{"width":1280,"height":548,"url":"https:\/\/livetoride.es\/wp-content\/uploads\/2024\/01\/live-to-ride-nosotros-pol-garcia.webp","type":"image\/webp"}],"twitter_card":"summary_large_image","twitter_misc":{"Temps estimat de lectura":"6 minuts"},"schema":{"@context":"https:\/\/schema.org","@graph":[{"@type":"WebPage","@id":"https:\/\/livetoride.es\/ca\/politica-de-privacitat\/","url":"https:\/\/livetoride.es\/ca\/politica-de-privacitat\/","name":"Pol\u00edtica de Privacitat - Live to Ride","isPartOf":{"@id":"https:\/\/livetoride.es\/ca\/#website"},"primaryImageOfPage":{"@id":"https:\/\/livetoride.es\/ca\/politica-de-privacitat\/#primaryimage"},"image":{"@id":"https:\/\/livetoride.es\/ca\/politica-de-privacitat\/#primaryimage"},"thumbnailUrl":"https:\/\/livetoride.es\/wp-content\/uploads\/2024\/01\/live-to-ride-nosotros-pol-garcia.webp","datePublished":"2023-12-06T14:49:41+00:00","dateModified":"2024-04-24T07:59:37+00:00","breadcrumb":{"@id":"https:\/\/livetoride.es\/ca\/politica-de-privacitat\/#breadcrumb"},"inLanguage":"ca","potentialAction":[{"@type":"ReadAction","target":["https:\/\/livetoride.es\/ca\/politica-de-privacitat\/"]}]},{"@type":"ImageObject","inLanguage":"ca","@id":"https:\/\/livetoride.es\/ca\/politica-de-privacitat\/#primaryimage","url":"https:\/\/livetoride.es\/wp-content\/uploads\/2024\/01\/live-to-ride-nosotros-pol-garcia.webp","contentUrl":"https:\/\/livetoride.es\/wp-content\/uploads\/2024\/01\/live-to-ride-nosotros-pol-garcia.webp","width":1280,"height":548},{"@type":"BreadcrumbList","@id":"https:\/\/livetoride.es\/ca\/politica-de-privacitat\/#breadcrumb","itemListElement":[{"@type":"ListItem","position":1,"name":"Portada","item":"https:\/\/livetoride.es\/ca\/"},{"@type":"ListItem","position":2,"name":"Pol\u00edtica de Privacitat"}]},{"@type":"WebSite","@id":"https:\/\/livetoride.es\/ca\/#website","url":"https:\/\/livetoride.es\/ca\/","name":"Live to Ride","description":"My WordPress Blog","potentialAction":[{"@type":"SearchAction","target":{"@type":"EntryPoint","urlTemplate":"https:\/\/livetoride.es\/ca\/?s={search_term_string}"},"query-input":"required name=search_term_string"}],"inLanguage":"ca"}]}},"_links":{"self":[{"href":"https:\/\/livetoride.es\/ca\/wp-json\/wp\/v2\/pages\/6266","targetHints":{"allow":["GET"]}}],"collection":[{"href":"https:\/\/livetoride.es\/ca\/wp-json\/wp\/v2\/pages"}],"about":[{"href":"https:\/\/livetoride.es\/ca\/wp-json\/wp\/v2\/types\/page"}],"author":[{"embeddable":true,"href":"https:\/\/livetoride.es\/ca\/wp-json\/wp\/v2\/users\/1"}],"replies":[{"embeddable":true,"href":"https:\/\/livetoride.es\/ca\/wp-json\/wp\/v2\/comments?post=6266"}],"version-history":[{"count":3,"href":"https:\/\/livetoride.es\/ca\/wp-json\/wp\/v2\/pages\/6266\/revisions"}],"predecessor-version":[{"id":6269,"href":"https:\/\/livetoride.es\/ca\/wp-json\/wp\/v2\/pages\/6266\/revisions\/6269"}],"wp:featuredmedia":[{"embeddable":true,"href":"https:\/\/livetoride.es\/ca\/wp-json\/wp\/v2\/media\/6160"}],"wp:attachment":[{"href":"https:\/\/livetoride.es\/ca\/wp-json\/wp\/v2\/media?parent=6266"}],"curies":[{"name":"wp","href":"https:\/\/api.w.org\/{rel}","templated":true}]}}